{"id":25,"date":"2016-06-14T09:36:43","date_gmt":"2016-06-14T09:36:43","guid":{"rendered":"http:\/\/www.tramuntanaestudis.com\/?page_id=25"},"modified":"2017-01-18T21:10:02","modified_gmt":"2017-01-18T21:10:02","slug":"bio","status":"publish","type":"page","link":"http:\/\/www.tramuntanaestudis.com\/es\/bio\/","title":{"rendered":"BIO"},"content":{"rendered":"<p><\/p>\n<hr \/>\n<h5><span style=\"font-family: Arial, Helvetica, sans-serif;\"><strong><span style=\"color: #000000;\"><img decoding=\"async\" class=\"alignnone wp-image-120\" src=\"http:\/\/www.tramuntanaestudis.com\/wp-content\/uploads\/2016\/06\/DSC_0851-1-1.jpg\" alt=\"DSC_0851-1\" width=\"884\" height=\"368\" \/><\/span><\/strong><\/span><\/h5>\n<h5 style=\"text-align: justify;\"><strong><span style=\"color: #000000;\">JAUME GELABERT<\/span><\/strong><\/h5>\n<p style=\"text-align: justify;\"><span style=\"font-size: 10pt;\">Mi pasi\u00f3n por la m\u00fasica empez\u00f3 de\u00a0muy peque\u00f1o.<\/span><\/p>\n<p style=\"text-align: justify;\"><span style=\"font-size: 10pt;\">A los 3 a\u00f1os mis padres me apuntaron\u00a0a m\u00fasica durante unos 5 a\u00f1os. Lo recuerdo como unos a\u00f1os de mucha diversi\u00f3n. M\u00e1s adelante, a los 10 a\u00f1os, empec\u00e9 clases de guitarra en la Factor\u00eda de So. Con tan s\u00f3lo 14 a\u00f1os empec\u00e9 a interesarme por la m\u00fasica electr\u00f3nica y, un a\u00f1o despu\u00e9s, enlac\u00e9 una amistad con uno de los artistas del lugar donde resido, donde pude poner en pr\u00e1ctica y trabajar duro todos mis conocimientos. En esta misma \u00e9poca, empec\u00e9\u00a0a organizar eventos con su promotora.<\/span><\/p>\n<p style=\"text-align: justify;\"><span style=\"font-size: 10pt;\">A los 18 a\u00f1os decid\u00ed estudiar y adentrar mi vida hacia la industria musical en la escuela <em>Microfusa<\/em> como productor musical, comenzando as\u00ed una nueva carrera art\u00edstica en la ciudad condal, Barcelona. Durante estos a\u00f1os tuve la oportunidad de poder practicar mis conocimientos, colaborando como t\u00e9cnico de sonido en el <em>\u00abMutek Festival Barcelona\u00bb<\/em>, y poder viajar al Reino Unido a compartir proyectos musicales con otros estudiantes en la <em>\u00abSolent University of Southampton\u00bb<\/em> .<\/span><\/p>\n<p style=\"text-align: justify;\"><span style=\"font-size: 10pt;\">A los 22 a\u00f1os, una vez terminados los estudios y vuelto a Mallorca -mi isla natal-, despu\u00e9s de haber trabajado una temporada, con mis ahorros y con ayuda familiar decido\u00a0construir y poner en marcha mi propio estudio de grabaci\u00f3n.<\/span><\/p>\n<p style=\"text-align: justify;\"><span style=\"font-size: 10pt;\">Por lo tanto, actualmente estoy en un periodo en el que acabo de emprender mi negocio y mi carrera como productor musical.<\/span><\/p>\n<hr \/>\n<p>&nbsp;<\/p>","protected":false},"excerpt":{"rendered":"<p>JAUME GELABERT Mi pasi\u00f3n por la m\u00fasica empez\u00f3 de\u00a0muy peque\u00f1o. A los 3 a\u00f1os mis padres me apuntaron\u00a0a m\u00fasica durante unos 5 a\u00f1os. Lo recuerdo como unos a\u00f1os de mucha diversi\u00f3n. M\u00e1s adelante, a los 10 a\u00f1os, empec\u00e9 clases de guitarra en la Factor\u00eda de So. Con tan s\u00f3lo 14 a\u00f1os empec\u00e9 a interesarme por la m\u00fasica electr\u00f3nica y, un a\u00f1o despu\u00e9s, enlac\u00e9 una amistad con uno de los artistas del lugar donde resido, donde pude poner en pr\u00e1ctica y trabajar duro todos mis conocimientos. En esta misma \u00e9poca, empec\u00e9\u00a0a organizar eventos con su promotora. A los 18 a\u00f1os decid\u00ed estudiar y adentrar mi vida hacia la industria musical en la escuela Microfusa como productor musical, comenzando as\u00ed una nueva carrera art\u00edstica en la ciudad condal, Barcelona. Durante estos a\u00f1os tuve la oportunidad de poder practicar mis conocimientos, colaborando como t\u00e9cnico de sonido en el \u00abMutek Festival Barcelona\u00bb, y poder viajar al Reino Unido a compartir proyectos musicales con otros estudiantes en la \u00abSolent University of Southampton\u00bb . A los 22 a\u00f1os, una vez terminados los estudios y vuelto a Mallorca -mi isla natal-, despu\u00e9s de haber trabajado una temporada, con mis ahorros y con ayuda familiar decido\u00a0construir y poner [&hellip;]<\/p>\n","protected":false},"author":1,"featured_media":0,"parent":0,"menu_order":0,"comment_status":"closed","ping_status":"closed","template":"","meta":{"footnotes":""},"class_list":["post-25","page","type-page","status-publish","hentry"],"_links":{"self":[{"href":"http:\/\/www.tramuntanaestudis.com\/es\/wp-json\/wp\/v2\/pages\/25","targetHints":{"allow":["GET"]}}],"collection":[{"href":"http:\/\/www.tramuntanaestudis.com\/es\/wp-json\/wp\/v2\/pages"}],"about":[{"href":"http:\/\/www.tramuntanaestudis.com\/es\/wp-json\/wp\/v2\/types\/page"}],"author":[{"embeddable":true,"href":"http:\/\/www.tramuntanaestudis.com\/es\/wp-json\/wp\/v2\/users\/1"}],"replies":[{"embeddable":true,"href":"http:\/\/www.tramuntanaestudis.com\/es\/wp-json\/wp\/v2\/comments?post=25"}],"version-history":[{"count":27,"href":"http:\/\/www.tramuntanaestudis.com\/es\/wp-json\/wp\/v2\/pages\/25\/revisions"}],"predecessor-version":[{"id":463,"href":"http:\/\/www.tramuntanaestudis.com\/es\/wp-json\/wp\/v2\/pages\/25\/revisions\/463"}],"wp:attachment":[{"href":"http:\/\/www.tramuntanaestudis.com\/es\/wp-json\/wp\/v2\/media?parent=25"}],"curies":[{"name":"wp","href":"https:\/\/api.w.org\/{rel}","templated":true}]}}